{"id":540,"date":"2022-11-17T14:28:05","date_gmt":"2022-11-17T14:28:05","guid":{"rendered":"https:\/\/endodent.hu\/?page_id=540"},"modified":"2026-01-27T10:40:27","modified_gmt":"2026-01-27T08:40:27","slug":"szakembereink","status":"publish","type":"page","link":"https:\/\/endodent.hu\/en\/szakembereink\/","title":{"rendered":"Our specialists"},"content":{"rendered":"<div data-elementor-type=\"wp-page\" data-elementor-id=\"540\" class=\"elementor elementor-540\" data-elementor-post-type=\"page\">\n\t\t\t\t\t\t<section class=\"elementor-section elementor-top-section elementor-element elementor-element-403e21db elementor-section-boxed elementor-section-height-default elementor-section-height-default\" data-id=\"403e21db\" data-element_type=\"section\" data-settings=\"{&quot;background_background&quot;:&quot;classic&quot;}\">\n\t\t\t\t\t\t<div class=\"elementor-container elementor-column-gap-default\">\n\t\t\t\t\t<div class=\"elementor-column elementor-col-50 elementor-top-column elementor-element elementor-element-6c3b1342\" data-id=\"6c3b1342\" data-element_type=\"column\">\n\t\t\t<div class=\"elementor-widget-wrap elementor-element-populated\">\n\t\t\t\t\t\t<section class=\"elementor-section elementor-inner-section elementor-element elementor-element-cacc98c elementor-section-boxed elementor-section-height-default elementor-section-height-default\" data-id=\"cacc98c\" data-element_type=\"section\">\n\t\t\t\t\t\t<div class=\"elementor-container elementor-column-gap-default\">\n\t\t\t\t\t<div class=\"elementor-column elementor-col-100 elementor-inner-column elementor-element elementor-element-85c53a6 elementor-invisible\" data-id=\"85c53a6\" data-element_type=\"column\" data-settings=\"{&quot;animation&quot;:&quot;fadeInUp&quot;}\">\n\t\t\t<div class=\"elementor-widget-wrap elementor-element-populated\">\n\t\t\t\t\t\t<div class=\"elementor-element elementor-element-38d6aae elementor-widget elementor-widget-image\" data-id=\"38d6aae\" data-element_type=\"widget\" data-widget_type=\"image.default\">\n\t\t\t\t<div class=\"elementor-widget-container\">\n\t\t\t\t\t\t\t\t\t\t\t\t\t\t\t<img fetchpriority=\"high\" decoding=\"async\" width=\"214\" height=\"237\" src=\"https:\/\/endodent.hu\/wp-content\/uploads\/2022\/09\/dr_szilard_szabo.png\" class=\"attachment-large size-large wp-image-158\" alt=\"\" \/>\t\t\t\t\t\t\t\t\t\t\t\t\t\t\t<\/div>\n\t\t\t\t<\/div>\n\t\t\t\t<div class=\"elementor-element elementor-element-57efadd elementor-widget elementor-widget-heading\" data-id=\"57efadd\" data-element_type=\"widget\" data-widget_type=\"heading.default\">\n\t\t\t\t<div class=\"elementor-widget-container\">\n\t\t\t\t\t<h2 class=\"elementor-heading-title elementor-size-default\">Dr. Szil\u00e1rd Szab\u00f3, Endodontic Specialist<\/h2>\t\t\t\t<\/div>\n\t\t\t\t<\/div>\n\t\t\t\t<div class=\"elementor-element elementor-element-95d9e5f elementor-widget elementor-widget-text-editor\" data-id=\"95d9e5f\" data-element_type=\"widget\" data-widget_type=\"text-editor.default\">\n\t\t\t\t<div class=\"elementor-widget-container\">\n\t\t\t\t\t\t\t\t\t<p style=\"text-align: center;\" class=\"translation-block\">Dr. Szil\u00e1rd Szab\u00f3 is a board-certified endodontic specialist with more than two decades of clinical experience in advanced root canal treatment. He graduated from Semmelweis University in 2004, one of Central Europe\u2019s most prestigious medical universities.\n\nHe has been a member of the Hungarian Endodontic Society since 2007 and obtained his specialist qualification in Conservative Dentistry and Prosthodontics the same year. Also in 2007, Dr. Szab\u00f3 began using dental operating microscopy as a standard part of his clinical practice \u2014 long before it became widely adopted.<br>\n\n<strong>International Academic and Clinical Experience<\/strong><br>\n\nIn 2011, Dr. Szab\u00f3 served as a clinical instructor at the Department of Endodontics, University of Oslo, where he spent six months supervising and participating in advanced endodontic treatments in an academic clinical environment. This international experience significantly contributed to his evidence-based approach and high clinical standards.<\/p><p style=\"text-align: center;\"><strong>Founder of Endodent Hungary<\/strong><br>\nIn 2012, Dr. Szab\u00f3 founded Endodent Hungary, a clinic dedicated exclusively to high-level endodontic care. From the very beginning, the practice has been designed to meet \u2014 and exceed \u2014 the most demanding standards of modern dentistry, combining microscope-assisted treatment, advanced diagnostics, and meticulously structured clinical protocols.<br>\n<strong>Continuous Professional Development<\/strong><br>\nIn 2021, as soon as the opportunity became available in Hungary, Dr. Szab\u00f3 obtained his official endodontic specialist certification. He continuously follows the latest developments in dental technology and regularly participates in international and domestic conferences and professional training programs, ensuring that his patients benefit from the most up-to-date, evidence-based treatment methods.<br>\n<strong>Expertise International Patients Can Trust<\/strong><br>\nDr. Szab\u00f3\u2019s clinical philosophy is centered on precision, predictability, and tooth preservation. His extensive experience, international academic background, and commitment to advanced technology make him a trusted choice for international patients seeking premium endodontic care in Budapest.<\/p>\t\t\t\t\t\t\t\t<\/div>\n\t\t\t\t<\/div>\n\t\t\t\t\t<\/div>\n\t\t<\/div>\n\t\t\t\t\t<\/div>\n\t\t<\/section>\n\t\t\t\t\t<\/div>\n\t\t<\/div>\n\t\t\t\t<div class=\"elementor-column elementor-col-50 elementor-top-column elementor-element elementor-element-7b3fcbab\" data-id=\"7b3fcbab\" data-element_type=\"column\">\n\t\t\t<div class=\"elementor-widget-wrap elementor-element-populated\">\n\t\t\t\t\t\t<section class=\"elementor-section elementor-inner-section elementor-element elementor-element-74c72f9f elementor-section-boxed elementor-section-height-default elementor-section-height-default\" data-id=\"74c72f9f\" data-element_type=\"section\">\n\t\t\t\t\t\t<div class=\"elementor-container elementor-column-gap-default\">\n\t\t\t\t\t<div class=\"elementor-column elementor-col-100 elementor-inner-column elementor-element elementor-element-4d52f275 elementor-invisible\" data-id=\"4d52f275\" data-element_type=\"column\" data-settings=\"{&quot;animation&quot;:&quot;fadeInUp&quot;}\">\n\t\t\t<div class=\"elementor-widget-wrap elementor-element-populated\">\n\t\t\t\t\t\t<div class=\"elementor-element elementor-element-769c1322 elementor-widget elementor-widget-image\" data-id=\"769c1322\" data-element_type=\"widget\" data-widget_type=\"image.default\">\n\t\t\t\t<div class=\"elementor-widget-container\">\n\t\t\t\t\t\t\t\t\t\t\t\t\t\t\t<img decoding=\"async\" width=\"750\" height=\"752\" src=\"https:\/\/endodent.hu\/wp-content\/uploads\/2022\/09\/dr_lipp_johanna.jpeg\" class=\"attachment-large size-large wp-image-159\" alt=\"\" srcset=\"https:\/\/endodent.hu\/wp-content\/uploads\/2022\/09\/dr_lipp_johanna.jpeg 750w, https:\/\/endodent.hu\/wp-content\/uploads\/2022\/09\/dr_lipp_johanna-300x300.jpeg 300w, https:\/\/endodent.hu\/wp-content\/uploads\/2022\/09\/dr_lipp_johanna-150x150.jpeg 150w\" sizes=\"(max-width: 750px) 100vw, 750px\" \/>\t\t\t\t\t\t\t\t\t\t\t\t\t\t\t<\/div>\n\t\t\t\t<\/div>\n\t\t\t\t<div class=\"elementor-element elementor-element-61a1ba82 elementor-widget elementor-widget-heading\" data-id=\"61a1ba82\" data-element_type=\"widget\" data-widget_type=\"heading.default\">\n\t\t\t\t<div class=\"elementor-widget-container\">\n\t\t\t\t\t<h2 class=\"elementor-heading-title elementor-size-default\">Dr. Lipp Johanna<\/h2>\t\t\t\t<\/div>\n\t\t\t\t<\/div>\n\t\t\t\t<div class=\"elementor-element elementor-element-7ea50ac4 elementor-widget elementor-widget-text-editor\" data-id=\"7ea50ac4\" data-element_type=\"widget\" data-widget_type=\"text-editor.default\">\n\t\t\t\t<div class=\"elementor-widget-container\">\n\t\t\t\t\t\t\t\t\t<p style=\"text-align: center;\">Dr. Lipp Johanna Katalin endodontus fogszakorvos vagyok, tanulm\u00e1nyaimat a Szegedi Tudom\u00e1nyegyetemen v\u00e9geztem. Az Endodent Hungary csapat\u00e1t 2020. szeptembere \u00f3ta er\u0151s\u00edtem, endodontus rezidensk\u00e9nt.\u00a0A szakorvosi k\u00e9pz\u00e9sem f\u00f3kusz\u00e1ban a\u00a0<a href=\"https:\/\/endodent.hu\/en\/gyokerkezeles-mikroszkoppal\/\" target=\"_blank\" rel=\"noopener noreferrer\">mikroszk\u00f3pos gy\u00f6k\u00e9rkezel\u00e9sek<\/a>\u00a0\u00e1llnak, emellett \u00e1ltal\u00e1nos fog\u00e1szati beavatkoz\u00e1sokkal is foglalkozom.\u00a0A rendel\u0151ben a legmodernebb technol\u00f3gi\u00e1k alkalmaz\u00e1s\u00e1val dolgozom Betegeim eg\u00e9szs\u00e9g\u00e9\u00e9rt. Egyetemi \u00e9veim alatt fog\u00e1szati konferenci\u00e1kon \u00e9s kompozit r\u00e9tegz\u00e9si kurzusokon val\u00f3 r\u00e9szv\u00e9tellel tov\u00e1bb b\u0151v\u00edtettem ismereteimet.\u00a0<\/p><p style=\"text-align: center;\">2023-ban sikeres endodontus szakvizsg\u00e1t szereztem. Nagyon fontos sz\u00e1momra az oldott hangulat \u00e9s a k\u00f6zvetlen l\u00e9gk\u00f6r megteremt\u00e9se a kezel\u00e9seken.<\/p>\t\t\t\t\t\t\t\t<\/div>\n\t\t\t\t<\/div>\n\t\t\t\t\t<\/div>\n\t\t<\/div>\n\t\t\t\t\t<\/div>\n\t\t<\/section>\n\t\t\t\t\t<\/div>\n\t\t<\/div>\n\t\t\t\t\t<\/div>\n\t\t<\/section>\n\t\t\t\t<section class=\"elementor-section elementor-top-section elementor-element elementor-element-752e557 elementor-section-boxed elementor-section-height-default elementor-section-height-default\" data-id=\"752e557\" data-element_type=\"section\" data-settings=\"{&quot;background_background&quot;:&quot;classic&quot;}\">\n\t\t\t\t\t\t<div class=\"elementor-container elementor-column-gap-default\">\n\t\t\t\t\t<div class=\"elementor-column elementor-col-50 elementor-top-column elementor-element elementor-element-26cacef\" data-id=\"26cacef\" data-element_type=\"column\">\n\t\t\t<div class=\"elementor-widget-wrap elementor-element-populated\">\n\t\t\t\t\t\t<section class=\"elementor-section elementor-inner-section elementor-element elementor-element-904e71f elementor-section-boxed elementor-section-height-default elementor-section-height-default\" data-id=\"904e71f\" data-element_type=\"section\">\n\t\t\t\t\t\t<div class=\"elementor-container elementor-column-gap-default\">\n\t\t\t\t\t<div class=\"elementor-column elementor-col-100 elementor-inner-column elementor-element elementor-element-9bffcc5 elementor-invisible\" data-id=\"9bffcc5\" data-element_type=\"column\" data-settings=\"{&quot;animation&quot;:&quot;fadeInUp&quot;}\">\n\t\t\t<div class=\"elementor-widget-wrap elementor-element-populated\">\n\t\t\t\t\t\t<div class=\"elementor-element elementor-element-27f83e5 elementor-widget elementor-widget-image\" data-id=\"27f83e5\" data-element_type=\"widget\" data-widget_type=\"image.default\">\n\t\t\t\t<div class=\"elementor-widget-container\">\n\t\t\t\t\t\t\t\t\t\t\t\t\t\t\t<img decoding=\"async\" width=\"800\" height=\"800\" src=\"https:\/\/endodent.hu\/wp-content\/uploads\/2024\/01\/Dr.-Szucs-Violetta-1024x1024.jpg\" class=\"attachment-large size-large wp-image-1076\" alt=\"\" srcset=\"https:\/\/endodent.hu\/wp-content\/uploads\/2024\/01\/Dr.-Szucs-Violetta-1024x1024.jpg 1024w, https:\/\/endodent.hu\/wp-content\/uploads\/2024\/01\/Dr.-Szucs-Violetta-300x300.jpg 300w, https:\/\/endodent.hu\/wp-content\/uploads\/2024\/01\/Dr.-Szucs-Violetta-150x150.jpg 150w, https:\/\/endodent.hu\/wp-content\/uploads\/2024\/01\/Dr.-Szucs-Violetta-768x768.jpg 768w, https:\/\/endodent.hu\/wp-content\/uploads\/2024\/01\/Dr.-Szucs-Violetta-12x12.jpg 12w, https:\/\/endodent.hu\/wp-content\/uploads\/2024\/01\/Dr.-Szucs-Violetta.jpg 1080w\" sizes=\"(max-width: 800px) 100vw, 800px\" \/>\t\t\t\t\t\t\t\t\t\t\t\t\t\t\t<\/div>\n\t\t\t\t<\/div>\n\t\t\t\t<div class=\"elementor-element elementor-element-49dac7e elementor-widget elementor-widget-heading\" data-id=\"49dac7e\" data-element_type=\"widget\" data-widget_type=\"heading.default\">\n\t\t\t\t<div class=\"elementor-widget-container\">\n\t\t\t\t\t<h2 class=\"elementor-heading-title elementor-size-default\">Dr. Sz\u0171cs Violetta<\/h2>\t\t\t\t<\/div>\n\t\t\t\t<\/div>\n\t\t\t\t<div class=\"elementor-element elementor-element-bc3217a elementor-widget elementor-widget-text-editor\" data-id=\"bc3217a\" data-element_type=\"widget\" data-widget_type=\"text-editor.default\">\n\t\t\t\t<div class=\"elementor-widget-container\">\n\t\t\t\t\t\t\t\t\t<p style=\"text-align: center;\">Endodontus szakorvos vagyok. Diplom\u00e1mat a Szegedi Tudom\u00e1nyegyetem Fogorvostudom\u00e1nyi Kar\u00e1n szereztem 2022-ben. Ezt k\u00f6vet\u0151en kezdtem az Endodent Hungary rendel\u0151ben rezidensk\u00e9pz\u00e9st, endodoncia szakir\u00e1nyban.\u00a0<\/p><p style=\"text-align: center;\">Szakk\u00e9pz\u00e9sem k\u00f6z\u00e9ppontj\u00e1ban \u00e1ll\u00f3 ter\u00fclet a <a href=\"https:\/\/endodent.hu\/en\/gyokerkezeles-mikroszkoppal\/\">mikroszk\u00f3pos gy\u00f6k\u00e9rkezel\u00e9s<\/a>. Nagy megel\u00e9gedetts\u00e9ggel t\u00f6lt el, hogy a mikroszk\u00f3p seg\u00edts\u00e9g\u00e9vel a kor\u00e1bban nehezen l\u00e1that\u00f3 vagy egy\u00e1ltal\u00e1n nem l\u00e1that\u00f3 apr\u00f3 r\u00e9szleteket is megfelel\u0151en l\u00e1tom \u00e9s ez\u00e1ltal prec\u00edzebb \u00e9s hat\u00e9konyabb ell\u00e1t\u00e1st tudok ny\u00fajtani.<\/p><p style=\"text-align: center;\">T\u00f6rekszem arra, hogy kezel\u00e9seimet nyugodt l\u00e9gk\u00f6rben, a legnagyobb precizit\u00e1ssal v\u00e9gezzem. C\u00e9lom a prevent\u00edv szeml\u00e9let alkalmaz\u00e1sa, azaz a probl\u00e9m\u00e1k megel\u0151z\u00e9se \u00e9s a sz\u00e1j\u00fcreg eg\u00e9szs\u00e9g\u00e9nek meg\u0151rz\u00e9se.\u00a0<\/p>\t\t\t\t\t\t\t\t<\/div>\n\t\t\t\t<\/div>\n\t\t\t\t\t<\/div>\n\t\t<\/div>\n\t\t\t\t\t<\/div>\n\t\t<\/section>\n\t\t\t\t\t<\/div>\n\t\t<\/div>\n\t\t\t\t<div class=\"elementor-column elementor-col-50 elementor-top-column elementor-element elementor-element-15aac84\" data-id=\"15aac84\" data-element_type=\"column\">\n\t\t\t<div class=\"elementor-widget-wrap elementor-element-populated\">\n\t\t\t\t\t\t<section class=\"elementor-section elementor-inner-section elementor-element elementor-element-8e3b7c8 elementor-section-boxed elementor-section-height-default elementor-section-height-default\" data-id=\"8e3b7c8\" data-element_type=\"section\">\n\t\t\t\t\t\t<div class=\"elementor-container elementor-column-gap-default\">\n\t\t\t\t\t<div class=\"elementor-column elementor-col-100 elementor-inner-column elementor-element elementor-element-0039493 elementor-invisible\" data-id=\"0039493\" data-element_type=\"column\" data-settings=\"{&quot;animation&quot;:&quot;fadeInUp&quot;}\">\n\t\t\t<div class=\"elementor-widget-wrap elementor-element-populated\">\n\t\t\t\t\t\t<div class=\"elementor-element elementor-element-2d88ab4 elementor-widget elementor-widget-image\" data-id=\"2d88ab4\" data-element_type=\"widget\" data-widget_type=\"image.default\">\n\t\t\t\t<div class=\"elementor-widget-container\">\n\t\t\t\t\t\t\t\t\t\t\t\t\t\t\t<img loading=\"lazy\" decoding=\"async\" width=\"800\" height=\"800\" src=\"https:\/\/endodent.hu\/wp-content\/uploads\/2024\/01\/Dr.-Jordan-Janka-1024x1024.png\" class=\"attachment-large size-large wp-image-1075\" alt=\"\" srcset=\"https:\/\/endodent.hu\/wp-content\/uploads\/2024\/01\/Dr.-Jordan-Janka-1024x1024.png 1024w, https:\/\/endodent.hu\/wp-content\/uploads\/2024\/01\/Dr.-Jordan-Janka-300x300.png 300w, https:\/\/endodent.hu\/wp-content\/uploads\/2024\/01\/Dr.-Jordan-Janka-150x150.png 150w, https:\/\/endodent.hu\/wp-content\/uploads\/2024\/01\/Dr.-Jordan-Janka-768x768.png 768w, https:\/\/endodent.hu\/wp-content\/uploads\/2024\/01\/Dr.-Jordan-Janka-12x12.png 12w, https:\/\/endodent.hu\/wp-content\/uploads\/2024\/01\/Dr.-Jordan-Janka.png 1240w\" sizes=\"(max-width: 800px) 100vw, 800px\" \/>\t\t\t\t\t\t\t\t\t\t\t\t\t\t\t<\/div>\n\t\t\t\t<\/div>\n\t\t\t\t<div class=\"elementor-element elementor-element-472660d elementor-widget elementor-widget-heading\" data-id=\"472660d\" data-element_type=\"widget\" data-widget_type=\"heading.default\">\n\t\t\t\t<div class=\"elementor-widget-container\">\n\t\t\t\t\t<h2 class=\"elementor-heading-title elementor-size-default\">Dr. Jord\u00e1n Janka<br>(Sz\u00fcl\u00e9si szabads\u00e1gon)<\/h2>\t\t\t\t<\/div>\n\t\t\t\t<\/div>\n\t\t\t\t<div class=\"elementor-element elementor-element-5fd64a6 elementor-widget elementor-widget-text-editor\" data-id=\"5fd64a6\" data-element_type=\"widget\" data-widget_type=\"text-editor.default\">\n\t\t\t\t<div class=\"elementor-widget-container\">\n\t\t\t\t\t\t\t\t\t<div style=\"text-align: center;\">Dr. Jord\u00e1n Janka endodontus szakorvos vagyok. 2018-ban v\u00e9geztem a Szegedi Tudom\u00e1nyegyetem Fogorvostudom\u00e1nyi Kar\u00e1n. 2018 szeptember\u00e9ben csatlakoztam az Endodent Hungary csapat\u00e1hoz, ahol endodontus rezidensk\u00e9nt lehet\u0151s\u00e9gem volt ellesni a mikroszk\u00f3pos gy\u00f6k\u00e9rkezel\u00e9s rejtelmeit.<\/div><p style=\"text-align: center;\">Szegedi kiv\u00e1ll\u00f3 oktat\u00f3inak k\u00f6sz\u00f6nhet\u00f4en\u00a0 sz\u00e1mos eszt\u00e9tikai-fog\u00e1szati kurzuson vettem r\u00e9szt, melyek eredm\u00e9nyek\u00e9ppen a leg\u00fajabb technikai v\u00edvm\u00e1nyok alkalmaz\u00e1s\u00e1nak ismeret\u00e9vel is er\u0151s\u00edteni tudom a fogorvosi csapatot.<\/p><p style=\"text-align: center;\">2021-ben sikeres endodontusi vizsg\u00e1t tettem kiv\u00e1l\u00f3an megfelelt eredm\u00e9nnyel.<\/p><p style=\"text-align: center;\">Szem\u00e9lyis\u00e9gemb\u0151l ad\u00f3d\u00f3an pedig adott a kezel\u00e9sek k\u00f6zvetlen hangulata.<\/p>\t\t\t\t\t\t\t\t<\/div>\n\t\t\t\t<\/div>\n\t\t\t\t\t<\/div>\n\t\t<\/div>\n\t\t\t\t\t<\/div>\n\t\t<\/section>\n\t\t\t\t\t<\/div>\n\t\t<\/div>\n\t\t\t\t\t<\/div>\n\t\t<\/section>\n\t\t\t\t<\/div>","protected":false},"excerpt":{"rendered":"<p>Dr. Szab\u00f3 Szil\u00e1rd Dr. Szab\u00f3 Szil\u00e1rd endodontus szakorvos vagyok. 2004-ben v\u00e9geztem a Semmelweis Egyetemen. 2007 \u00f3ta a Magyar Endodonciai T\u00e1rsas\u00e1g tagja vagyok. 2007-ben tettem le szakorvosi vizsg\u00e1mat konzerv\u00e1l\u00f3 fog\u00e1szat \u00e9s fogp\u00f3tl\u00e1stan szakon. Ugyanezen \u00e9vben kezdtem el\u00a0mikroszk\u00f3pot haszn\u00e1lni\u00a0kezel\u00e9seimhez.\u00a02011-ben nyitottam meg az Endodent Hungary rendel\u0151t, ahol a korunk legmagasabb szint\u0171 elv\u00e1r\u00e1sainak megfelel\u0151en v\u00e9gezz\u00fck a fogorvosi kezel\u00e9seket.\u00a0 2021-ben, [&hellip;]<\/p>","protected":false},"author":1,"featured_media":0,"parent":0,"menu_order":0,"comment_status":"closed","ping_status":"closed","template":"","meta":{"footnotes":""},"class_list":["post-540","page","type-page","status-publish","hentry"],"yoast_head":"<!-- This site is optimized with the Yoast SEO Premium plugin v26.8 (Yoast SEO v26.8) - https:\/\/yoast.com\/product\/yoast-seo-premium-wordpress\/ -->\n<title>Endodent Hungary fogorvosi rendel\u0151 - Szakembereink<\/title>\n<meta name=\"description\" content=\"2011-ben nyitottam meg az Endodent Hungary rendel\u0151t, ahol a korunk legmagasabb szint\u0171 elv\u00e1r\u00e1sainak megfelel\u0151en v\u00e9gezz\u00fck a fogorvosi kezel\u00e9seket.\" \/>\n<meta name=\"robots\" content=\"index, follow, max-snippet:-1, max-image-preview:large, max-video-preview:-1\" \/>\n<link rel=\"canonical\" href=\"https:\/\/endodent.hu\/en\/szakembereink\/\" \/>\n<meta property=\"og:locale\" content=\"en_GB\" \/>\n<meta property=\"og:type\" content=\"article\" \/>\n<meta property=\"og:title\" content=\"Szakembereink\" \/>\n<meta property=\"og:description\" content=\"2011-ben nyitottam meg az Endodent Hungary rendel\u0151t, ahol a korunk legmagasabb szint\u0171 elv\u00e1r\u00e1sainak megfelel\u0151en v\u00e9gezz\u00fck a fogorvosi kezel\u00e9seket.\" \/>\n<meta property=\"og:url\" content=\"https:\/\/endodent.hu\/en\/szakembereink\/\" \/>\n<meta property=\"og:site_name\" content=\"Endodent Hungary fogorvosi rendel\u0151\" \/>\n<meta property=\"article:publisher\" content=\"https:\/\/www.facebook.com\/EndodentHungary\" \/>\n<meta property=\"article:modified_time\" content=\"2026-01-27T08:40:27+00:00\" \/>\n<meta property=\"og:image\" content=\"https:\/\/endodent.hu\/wp-content\/uploads\/2022\/09\/dr_szilard_szabo.png\" \/>\n\t<meta property=\"og:image:width\" content=\"214\" \/>\n\t<meta property=\"og:image:height\" content=\"237\" \/>\n\t<meta property=\"og:image:type\" content=\"image\/png\" \/>\n<meta name=\"twitter:card\" content=\"summary_large_image\" \/>\n<meta name=\"twitter:label1\" content=\"Estimated reading time\" \/>\n\t<meta name=\"twitter:data1\" content=\"3 minutes\" \/>\n<script type=\"application\/ld+json\" class=\"yoast-schema-graph\">{\"@context\":\"https:\/\/schema.org\",\"@graph\":[{\"@type\":\"WebPage\",\"@id\":\"https:\/\/endodent.hu\/szakembereink\/\",\"url\":\"https:\/\/endodent.hu\/szakembereink\/\",\"name\":\"Endodent Hungary fogorvosi rendel\u0151 - Szakembereink\",\"isPartOf\":{\"@id\":\"https:\/\/endodent.hu\/#website\"},\"primaryImageOfPage\":{\"@id\":\"https:\/\/endodent.hu\/szakembereink\/#primaryimage\"},\"image\":{\"@id\":\"https:\/\/endodent.hu\/szakembereink\/#primaryimage\"},\"thumbnailUrl\":\"https:\/\/endodent.hu\/wp-content\/uploads\/2022\/09\/dr_szilard_szabo.png\",\"datePublished\":\"2022-11-17T14:28:05+00:00\",\"dateModified\":\"2026-01-27T08:40:27+00:00\",\"description\":\"2011-ben nyitottam meg az Endodent Hungary rendel\u0151t, ahol a korunk legmagasabb szint\u0171 elv\u00e1r\u00e1sainak megfelel\u0151en v\u00e9gezz\u00fck a fogorvosi kezel\u00e9seket.\",\"breadcrumb\":{\"@id\":\"https:\/\/endodent.hu\/szakembereink\/#breadcrumb\"},\"inLanguage\":\"en-GB\",\"potentialAction\":[{\"@type\":\"ReadAction\",\"target\":[\"https:\/\/endodent.hu\/szakembereink\/\"]}]},{\"@type\":\"ImageObject\",\"inLanguage\":\"en-GB\",\"@id\":\"https:\/\/endodent.hu\/szakembereink\/#primaryimage\",\"url\":\"https:\/\/endodent.hu\/wp-content\/uploads\/2022\/09\/dr_szilard_szabo.png\",\"contentUrl\":\"https:\/\/endodent.hu\/wp-content\/uploads\/2022\/09\/dr_szilard_szabo.png\"},{\"@type\":\"BreadcrumbList\",\"@id\":\"https:\/\/endodent.hu\/szakembereink\/#breadcrumb\",\"itemListElement\":[{\"@type\":\"ListItem\",\"position\":1,\"name\":\"Home\",\"item\":\"https:\/\/endodent.hu\/\"},{\"@type\":\"ListItem\",\"position\":2,\"name\":\"Szakembereink\"}]},{\"@type\":\"WebSite\",\"@id\":\"https:\/\/endodent.hu\/#website\",\"url\":\"https:\/\/endodent.hu\/\",\"name\":\"Endodent Hungary fogorvosi rendel\u0151\",\"description\":\"Prec\u00edz, min\u0151s\u00e9gi, de megfizethet\u0151 kezel\u00e9st szeretne, profikt\u00f3l!\",\"publisher\":{\"@id\":\"https:\/\/endodent.hu\/#organization\"},\"potentialAction\":[{\"@type\":\"SearchAction\",\"target\":{\"@type\":\"EntryPoint\",\"urlTemplate\":\"https:\/\/endodent.hu\/?s={search_term_string}\"},\"query-input\":{\"@type\":\"PropertyValueSpecification\",\"valueRequired\":true,\"valueName\":\"search_term_string\"}}],\"inLanguage\":\"en-GB\"},{\"@type\":\"Organization\",\"@id\":\"https:\/\/endodent.hu\/#organization\",\"name\":\"Endodent Hungary fogorvosi rendel\u0151\",\"url\":\"https:\/\/endodent.hu\/\",\"logo\":{\"@type\":\"ImageObject\",\"inLanguage\":\"en-GB\",\"@id\":\"https:\/\/endodent.hu\/#\/schema\/logo\/image\/\",\"url\":\"https:\/\/endodent.hu\/wp-content\/uploads\/2022\/09\/logo.jpeg\",\"contentUrl\":\"https:\/\/endodent.hu\/wp-content\/uploads\/2022\/09\/logo.jpeg\",\"width\":420,\"height\":102,\"caption\":\"Endodent Hungary fogorvosi rendel\u0151\"},\"image\":{\"@id\":\"https:\/\/endodent.hu\/#\/schema\/logo\/image\/\"},\"sameAs\":[\"https:\/\/www.facebook.com\/EndodentHungary\"]}]}<\/script>\n<!-- \/ Yoast SEO Premium plugin. -->","yoast_head_json":{"title":"Endodent Hungary fogorvosi rendel\u0151 - Szakembereink","description":"2011-ben nyitottam meg az Endodent Hungary rendel\u0151t, ahol a korunk legmagasabb szint\u0171 elv\u00e1r\u00e1sainak megfelel\u0151en v\u00e9gezz\u00fck a fogorvosi kezel\u00e9seket.","robots":{"index":"index","follow":"follow","max-snippet":"max-snippet:-1","max-image-preview":"max-image-preview:large","max-video-preview":"max-video-preview:-1"},"canonical":"https:\/\/endodent.hu\/en\/szakembereink\/","og_locale":"en_GB","og_type":"article","og_title":"Szakembereink","og_description":"2011-ben nyitottam meg az Endodent Hungary rendel\u0151t, ahol a korunk legmagasabb szint\u0171 elv\u00e1r\u00e1sainak megfelel\u0151en v\u00e9gezz\u00fck a fogorvosi kezel\u00e9seket.","og_url":"https:\/\/endodent.hu\/en\/szakembereink\/","og_site_name":"Endodent Hungary fogorvosi rendel\u0151","article_publisher":"https:\/\/www.facebook.com\/EndodentHungary","article_modified_time":"2026-01-27T08:40:27+00:00","og_image":[{"width":214,"height":237,"url":"https:\/\/endodent.hu\/wp-content\/uploads\/2022\/09\/dr_szilard_szabo.png","type":"image\/png"}],"twitter_card":"summary_large_image","twitter_misc":{"Estimated reading time":"3 minutes"},"schema":{"@context":"https:\/\/schema.org","@graph":[{"@type":"WebPage","@id":"https:\/\/endodent.hu\/szakembereink\/","url":"https:\/\/endodent.hu\/szakembereink\/","name":"Endodent Hungary fogorvosi rendel\u0151 - Szakembereink","isPartOf":{"@id":"https:\/\/endodent.hu\/#website"},"primaryImageOfPage":{"@id":"https:\/\/endodent.hu\/szakembereink\/#primaryimage"},"image":{"@id":"https:\/\/endodent.hu\/szakembereink\/#primaryimage"},"thumbnailUrl":"https:\/\/endodent.hu\/wp-content\/uploads\/2022\/09\/dr_szilard_szabo.png","datePublished":"2022-11-17T14:28:05+00:00","dateModified":"2026-01-27T08:40:27+00:00","description":"2011-ben nyitottam meg az Endodent Hungary rendel\u0151t, ahol a korunk legmagasabb szint\u0171 elv\u00e1r\u00e1sainak megfelel\u0151en v\u00e9gezz\u00fck a fogorvosi kezel\u00e9seket.","breadcrumb":{"@id":"https:\/\/endodent.hu\/szakembereink\/#breadcrumb"},"inLanguage":"en-GB","potentialAction":[{"@type":"ReadAction","target":["https:\/\/endodent.hu\/szakembereink\/"]}]},{"@type":"ImageObject","inLanguage":"en-GB","@id":"https:\/\/endodent.hu\/szakembereink\/#primaryimage","url":"https:\/\/endodent.hu\/wp-content\/uploads\/2022\/09\/dr_szilard_szabo.png","contentUrl":"https:\/\/endodent.hu\/wp-content\/uploads\/2022\/09\/dr_szilard_szabo.png"},{"@type":"BreadcrumbList","@id":"https:\/\/endodent.hu\/szakembereink\/#breadcrumb","itemListElement":[{"@type":"ListItem","position":1,"name":"Home","item":"https:\/\/endodent.hu\/"},{"@type":"ListItem","position":2,"name":"Szakembereink"}]},{"@type":"WebSite","@id":"https:\/\/endodent.hu\/#website","url":"https:\/\/endodent.hu\/","name":"Endodent Hungary fogorvosi rendel\u0151","description":"Prec\u00edz, min\u0151s\u00e9gi, de megfizethet\u0151 kezel\u00e9st szeretne, profikt\u00f3l!","publisher":{"@id":"https:\/\/endodent.hu\/#organization"},"potentialAction":[{"@type":"SearchAction","target":{"@type":"EntryPoint","urlTemplate":"https:\/\/endodent.hu\/?s={search_term_string}"},"query-input":{"@type":"PropertyValueSpecification","valueRequired":true,"valueName":"search_term_string"}}],"inLanguage":"en-GB"},{"@type":"Organization","@id":"https:\/\/endodent.hu\/#organization","name":"Endodent Hungary fogorvosi rendel\u0151","url":"https:\/\/endodent.hu\/","logo":{"@type":"ImageObject","inLanguage":"en-GB","@id":"https:\/\/endodent.hu\/#\/schema\/logo\/image\/","url":"https:\/\/endodent.hu\/wp-content\/uploads\/2022\/09\/logo.jpeg","contentUrl":"https:\/\/endodent.hu\/wp-content\/uploads\/2022\/09\/logo.jpeg","width":420,"height":102,"caption":"Endodent Hungary fogorvosi rendel\u0151"},"image":{"@id":"https:\/\/endodent.hu\/#\/schema\/logo\/image\/"},"sameAs":["https:\/\/www.facebook.com\/EndodentHungary"]}]}},"_links":{"self":[{"href":"https:\/\/endodent.hu\/en\/wp-json\/wp\/v2\/pages\/540","targetHints":{"allow":["GET"]}}],"collection":[{"href":"https:\/\/endodent.hu\/en\/wp-json\/wp\/v2\/pages"}],"about":[{"href":"https:\/\/endodent.hu\/en\/wp-json\/wp\/v2\/types\/page"}],"author":[{"embeddable":true,"href":"https:\/\/endodent.hu\/en\/wp-json\/wp\/v2\/users\/1"}],"replies":[{"embeddable":true,"href":"https:\/\/endodent.hu\/en\/wp-json\/wp\/v2\/comments?post=540"}],"version-history":[{"count":0,"href":"https:\/\/endodent.hu\/en\/wp-json\/wp\/v2\/pages\/540\/revisions"}],"wp:attachment":[{"href":"https:\/\/endodent.hu\/en\/wp-json\/wp\/v2\/media?parent=540"}],"curies":[{"name":"wp","href":"https:\/\/api.w.org\/{rel}","templated":true}]}}